{"id":22,"date":"2025-09-25T11:12:40","date_gmt":"2025-09-25T11:12:40","guid":{"rendered":"http:\/\/cortec-cortantes.local\/?page_id=22"},"modified":"2026-03-04T00:20:30","modified_gmt":"2026-03-04T00:20:30","slug":"politica-de-privacidade","status":"publish","type":"page","link":"https:\/\/cortec-cortantes.com\/en\/politica-de-privacidade\/","title":{"rendered":"Privacy Policy"},"content":{"rendered":"<div data-elementor-type=\"wp-page\" data-elementor-id=\"22\" class=\"elementor elementor-22\" data-elementor-post-type=\"page\">\n\t\t\t\t<div class=\"elementor-element elementor-element-b8708d0 e-flex e-con-boxed e-con e-parent\" data-id=\"b8708d0\" data-element_type=\"container\" data-e-type=\"container\">\n\t\t\t\t\t<div class=\"e-con-inner\">\n\t\t\t\t<div class=\"elementor-element elementor-element-f618e92 elementor-widget elementor-widget-spacer\" data-id=\"f618e92\" data-element_type=\"widget\" data-e-type=\"widget\" data-widget_type=\"spacer.default\">\n\t\t\t\t\t\t\t<div class=\"elementor-spacer\">\n\t\t\t<div class=\"elementor-spacer-inner\"><\/div>\n\t\t<\/div>\n\t\t\t\t\t\t<\/div>\n\t\t\t\t\t<\/div>\n\t\t\t\t<\/div>\n\t\t<div class=\"elementor-element elementor-element-93e35ca e-flex e-con-boxed e-con e-parent\" data-id=\"93e35ca\" data-element_type=\"container\" data-e-type=\"container\" data-settings=\"{&quot;background_background&quot;:&quot;classic&quot;}\">\n\t\t\t\t\t<div class=\"e-con-inner\">\n\t\t\t\t<div class=\"elementor-element elementor-element-9376e64 elementor-widget elementor-widget-heading\" data-id=\"9376e64\" data-element_type=\"widget\" data-e-type=\"widget\" data-widget_type=\"heading.default\">\n\t\t\t\t\t<h2 class=\"elementor-heading-title elementor-size-default\">Privacy Policy<\/h2>\t\t\t\t<\/div>\n\t\t\t\t<div class=\"elementor-element elementor-element-2f84e0d elementor-widget elementor-widget-text-editor\" data-id=\"2f84e0d\" data-element_type=\"widget\" data-e-type=\"widget\" data-widget_type=\"text-editor.default\">\n\t\t\t\t\t\t\t\t\t<p data-start=\"0\" data-end=\"619\">Para efeitos da presente Pol\u00edtica de Privacidade e Prote\u00e7\u00e3o de Dados s\u00e3o considerados \u201cdados pessoais\u201d toda e qualquer informa\u00e7\u00e3o relativa a uma pessoa singular identificada ou identific\u00e1vel, e por \u201ctratamento\u201d entendem-se todas as opera\u00e7\u00f5es efetuadas sobre dados pessoais, por meios automatizados ou n\u00e3o automatizados, tais como a recolha, o registo, a organiza\u00e7\u00e3o, a estrutura\u00e7\u00e3o, a conserva\u00e7\u00e3o, a adapta\u00e7\u00e3o ou altera\u00e7\u00e3o, a recupera\u00e7\u00e3o, a recolha, a utiliza\u00e7\u00e3o, a divulga\u00e7\u00e3o por transmiss\u00e3o, difus\u00e3o ou qualquer outra forma de disponibiliza\u00e7\u00e3o, a compara\u00e7\u00e3o ou interconex\u00e3o, a limita\u00e7\u00e3o, o apagamento ou a destrui\u00e7\u00e3o.<\/p><p data-start=\"621\" data-end=\"851\">Para este efeito, desenvolvemos a presente Pol\u00edtica de Privacidade que pretende fornecer as diretrizes que observamos no tratamento de dados pessoais sempre que qualquer utilizador navegue na nossa p\u00e1gina <a class=\"decorated-link\" href=\"https:\/\/cortec-cortantes.com\/en\" target=\"_new\" rel=\"noopener\" data-start=\"826\" data-end=\"850\">www.cortec-cortantes.com<\/a>.<\/p><p data-start=\"853\" data-end=\"970\">A presente Pol\u00edtica de Privacidade \u00e9 complementada pelos Termos e Condi\u00e7\u00f5es de Utiliza\u00e7\u00e3o e pela Pol\u00edtica de Cookies.<\/p><p data-start=\"972\" data-end=\"995\">Privacy Policy<\/p><p data-start=\"997\" data-end=\"1123\">Os dados pessoais que lhe sejam solicitados ser\u00e3o tratados de acordo com as regras definidas na nossa pol\u00edtica de privacidade.<\/p><p data-start=\"1125\" data-end=\"1421\">A CORTEC Primecut considera fundamental o respeito pela sua privacidade e o cumprimento da legisla\u00e7\u00e3o nacional e comunit\u00e1ria em vigor em mat\u00e9ria de prote\u00e7\u00e3o de dados pessoais, nomeadamente o Regulamento (UE) 2016\/679, do Parlamento Europeu e do Conselho de 27 de abril de 2016 (doravante \u201cRGPD\u201d).<\/p><p data-start=\"1423\" data-end=\"1566\">Esta pol\u00edtica de privacidade explica como recolhemos, usamos e protegemos as suas informa\u00e7\u00f5es pessoais quando voc\u00ea usa nosso site e formul\u00e1rio.<\/p><ol data-start=\"1568\" data-end=\"1678\"><li data-start=\"1568\" data-end=\"1678\"><p data-start=\"1571\" data-end=\"1678\">Dados que recolhemos<br data-start=\"1591\" data-end=\"1594\" \/>Ao preencher o formul\u00e1rio de contacto, podemos recolher os seguintes dados pessoais:<\/p><\/li><\/ol><p data-start=\"1680\" data-end=\"1748\">Name<br data-start=\"1684\" data-end=\"1687\" \/>Company<br data-start=\"1694\" data-end=\"1697\" \/>Telephone\/mobile<br data-start=\"1715\" data-end=\"1718\" \/>Email address<br data-start=\"1735\" data-end=\"1738\" \/>Message<\/p><p data-start=\"1750\" data-end=\"1854\">Essas informa\u00e7\u00f5es s\u00e3o recolhidas somente quando as fornece voluntariamente por meio do nosso formul\u00e1rio.<\/p><ol start=\"2\" data-start=\"1856\" data-end=\"1941\"><li data-start=\"1856\" data-end=\"1941\"><p data-start=\"1859\" data-end=\"1941\">Finalidade da recolha de dados<br data-start=\"1889\" data-end=\"1892\" \/>Os dados recolhidos destinam-se exclusivamente a:<\/p><\/li><\/ol><p data-start=\"1943\" data-end=\"2145\">Responder \u00e0s suas mensagens ou pedidos de informa\u00e7\u00e3o;<br data-start=\"1996\" data-end=\"1999\" \/>Fornecer informa\u00e7\u00f5es sobre produtos, servi\u00e7os e solu\u00e7\u00f5es da Primecut;<br data-start=\"2068\" data-end=\"2071\" \/>Melhorar a experi\u00eancia de contacto e comunica\u00e7\u00e3o com os nossos clientes.<\/p><p data-start=\"2147\" data-end=\"2251\">N\u00e3o usamos as suas informa\u00e7\u00f5es pessoais para nenhuma outra finalidade sem o seu consentimento expl\u00edcito.<\/p><ol start=\"3\" data-start=\"2253\" data-end=\"2281\"><li data-start=\"2253\" data-end=\"2281\"><p data-start=\"2256\" data-end=\"2281\">Prote\u00e7\u00e3o de Informa\u00e7\u00f5es<\/p><\/li><\/ol><p data-start=\"2283\" data-end=\"2582\">Implementamos medidas de seguran\u00e7a adequadas para proteger suas informa\u00e7\u00f5es pessoais contra acesso, altera\u00e7\u00e3o, divulga\u00e7\u00e3o ou destrui\u00e7\u00e3o n\u00e3o autorizados. No entanto, nenhum m\u00e9todo de transmiss\u00e3o pela internet ou armazenamento eletr\u00f4nico \u00e9 totalmente seguro, e n\u00e3o podemos garantir seguran\u00e7a absoluta.<\/p><ol start=\"4\" data-start=\"2584\" data-end=\"2606\"><li data-start=\"2584\" data-end=\"2606\"><p data-start=\"2587\" data-end=\"2606\">Partilha de dados<\/p><\/li><\/ol><p data-start=\"2608\" data-end=\"2723\">Os seus dados pessoais n\u00e3o ser\u00e3o vendidos, comercializados ou transferidos a terceiros, exceto nos seguintes casos:<\/p><p data-start=\"2725\" data-end=\"2995\">Quando exigido por lei.<br data-start=\"2748\" data-end=\"2751\" \/>Para proteger os nossos direitos, propriedade ou seguran\u00e7a.<br data-start=\"2810\" data-end=\"2813\" \/>Com provedores de servi\u00e7os terceiros que nos auxiliam na opera\u00e7\u00e3o do nosso site e na condu\u00e7\u00e3o dos nossos neg\u00f3cios, desde que eles concordem em manter essas informa\u00e7\u00f5es confidenciais.<\/p><ol start=\"5\" data-start=\"2997\" data-end=\"3033\"><li data-start=\"2997\" data-end=\"3033\"><p data-start=\"3000\" data-end=\"3033\">Base legal para o processamento<\/p><\/li><\/ol><p data-start=\"3035\" data-end=\"3200\">Processamos os seus dados com base no seu consentimento expl\u00edcito ao submeter o formul\u00e1rio, em conformidade com o Regulamento Geral sobre a Prote\u00e7\u00e3o de Dados (RGPD).<\/p><ol start=\"6\" data-start=\"3202\" data-end=\"3232\"><li data-start=\"3202\" data-end=\"3232\"><p data-start=\"3205\" data-end=\"3232\">Armazenamento e seguran\u00e7a<\/p><\/li><\/ol><p data-start=\"3234\" data-end=\"3450\">Os seus dados s\u00e3o armazenados em sistemas seguros e tratados de forma confidencial. Adotamos medidas t\u00e9cnicas e organizacionais adequadas para proteger os seus dados contra acesso n\u00e3o autorizado, perda ou divulga\u00e7\u00e3o.<\/p><ol start=\"7\" data-start=\"3452\" data-end=\"3486\"><li data-start=\"3452\" data-end=\"3486\"><p data-start=\"3455\" data-end=\"3486\">Direitos do titular dos dados<\/p><\/li><\/ol><p data-start=\"3488\" data-end=\"3502\">Tem direito a:<\/p><p data-start=\"3504\" data-end=\"3770\">Aceder aos seus dados pessoais;<br data-start=\"3535\" data-end=\"3538\" \/>Corrigir ou atualizar os seus dados;<br data-start=\"3574\" data-end=\"3577\" \/>Solicitar a elimina\u00e7\u00e3o dos seus dados;<br data-start=\"3615\" data-end=\"3618\" \/>Retirar o consentimento ao processamento dos seus dados a qualquer momento;<br data-start=\"3693\" data-end=\"3696\" \/>Apresentar reclama\u00e7\u00e3o junto da autoridade de prote\u00e7\u00e3o de dados competente.<\/p><p data-start=\"3772\" data-end=\"3779\">Cookies<\/p><p data-start=\"3781\" data-end=\"4027\">O nosso site pode usar cookies para melhorar sua experi\u00eancia de navega\u00e7\u00e3o. Cookies s\u00e3o pequenos arquivos de texto armazenados no seu dispositivo. Pode configurar o seu navegador para recusar cookies, mas isso pode afetar a funcionalidade do site.<\/p><p data-start=\"4029\" data-end=\"4058\">Links para sites de terceiros<\/p><p data-start=\"4060\" data-end=\"4304\">O nosso site pode conter links para sites de terceiros. N\u00e3o nos responsabilizamos pelas pr\u00e1ticas de privacidade ou pelo conte\u00fado desses sites. Recomendamos que leia as suas pol\u00edticas de privacidade antes de fornecer qualquer informa\u00e7\u00e3o pessoal.<\/p><p data-start=\"4306\" data-end=\"4347\">Altera\u00e7\u00f5es a esta Pol\u00edtica de Privacidade<\/p><p data-start=\"4349\" data-end=\"4614\">Reservamo-nos o direito de atualizar esta pol\u00edtica de privacidade a qualquer momento. Quaisquer altera\u00e7\u00f5es ser\u00e3o publicadas nesta p\u00e1gina. Recomendamos que revisite esta pol\u00edtica periodicamente para se manter informado sobre como estamos protegendo suas informa\u00e7\u00f5es.<\/p><p data-start=\"4616\" data-end=\"4624\">Contact<\/p><p data-start=\"4626\" data-end=\"4769\">Para exercer os seus direitos ou esclarecer d\u00favidas sobre esta pol\u00edtica de privacidade, contacte-nos atrav\u00e9s do email: <a class=\"decorated-link cursor-pointer\" rel=\"noopener\" data-start=\"4745\" data-end=\"4769\">geral@cortecprimecut.com<\/a><\/p><p data-start=\"4771\" data-end=\"4801\" data-is-last-node=\"\" data-is-only-node=\"\">\u00daltima atualiza\u00e7\u00e3o: 15-10-2025<\/p>\t\t\t\t\t\t\t\t<\/div>\n\t\t\t\t\t<\/div>\n\t\t\t\t<\/div>\n\t\t\t\t<\/div>","protected":false},"excerpt":{"rendered":"<p>Pol\u00edtica de Privacidade Para efeitos da presente Pol\u00edtica de Privacidade e Prote\u00e7\u00e3o de Dados s\u00e3o considerados \u201cdados pessoais\u201d toda e qualquer informa\u00e7\u00e3o relativa a uma pessoa singular identificada ou identific\u00e1vel, e por \u201ctratamento\u201d entendem-se todas as opera\u00e7\u00f5es efetuadas sobre dados pessoais, por meios automatizados ou n\u00e3o automatizados, tais como a recolha, o registo, a organiza\u00e7\u00e3o, [&hellip;]<\/p>\n","protected":false},"author":1,"featured_media":0,"parent":0,"menu_order":0,"comment_status":"closed","ping_status":"closed","template":"","meta":{"footnotes":""},"class_list":["post-22","page","type-page","status-publish","hentry"],"_links":{"self":[{"href":"https:\/\/cortec-cortantes.com\/en\/wp-json\/wp\/v2\/pages\/22","targetHints":{"allow":["GET"]}}],"collection":[{"href":"https:\/\/cortec-cortantes.com\/en\/wp-json\/wp\/v2\/pages"}],"about":[{"href":"https:\/\/cortec-cortantes.com\/en\/wp-json\/wp\/v2\/types\/page"}],"author":[{"embeddable":true,"href":"https:\/\/cortec-cortantes.com\/en\/wp-json\/wp\/v2\/users\/1"}],"replies":[{"embeddable":true,"href":"https:\/\/cortec-cortantes.com\/en\/wp-json\/wp\/v2\/comments?post=22"}],"version-history":[{"count":85,"href":"https:\/\/cortec-cortantes.com\/en\/wp-json\/wp\/v2\/pages\/22\/revisions"}],"predecessor-version":[{"id":4257,"href":"https:\/\/cortec-cortantes.com\/en\/wp-json\/wp\/v2\/pages\/22\/revisions\/4257"}],"wp:attachment":[{"href":"https:\/\/cortec-cortantes.com\/en\/wp-json\/wp\/v2\/media?parent=22"}],"curies":[{"name":"wp","href":"https:\/\/api.w.org\/{rel}","templated":true}]}}